{"id":2200041,"slug":"iniciacio-a-la-marxa-nordica-i-boscos-terapeutics","type":"sn_event","link":"https:\/\/setmananatura.cat\/2023\/activitat\/iniciacio-a-la-marxa-nordica-i-boscos-terapeutics\/","title":{"rendered":"Iniciaci\u00f3 a la Marxa N\u00f2rdica i Boscos Terap\u00e8utics"},"featured_media":2200042,"template":"","categories":[18,1],"tags":[],"organitzador":[1073],"comarca":[75],"tipus":[7],"public":[12,13],"class_list":["post-2200041","sn_event","type-sn_event","status-publish","has-post-thumbnail","hentry","category-destacat","category-general","organitzador-turisme-garrotxa","comarca-garrotxa","tipus-sortida","public-adults","public-familiar"],"aioseo_notices":[],"location":{"latitude":"42.1753721","longitude":"2.4891113"},"inici":"1685264400","final":"1685278800","image":"https:\/\/setmananatura.cat\/2023\/wp-content\/uploads\/sites\/13\/2023\/04\/marxa_nordica_boscos_terapeutics-300x222.jpg","lloc_poblacio":"Olot","teaser":"\n\n  <p class=\"resultats_una_activitat_foto\">\n    <a href=\"https:\/\/setmananatura.cat\/2023\/activitat\/iniciacio-a-la-marxa-nordica-i-boscos-terapeutics\/\">\n\n<img lazy-img=\"https:\/\/setmananatura.cat\/2023\/wp-content\/uploads\/sites\/13\/2023\/04\/marxa_nordica_boscos_terapeutics-600x390.jpg\"\/><\/a><\/p>\n  <div class=\"resultats_una_activitat_info\">\n  <div class=\"una_activitat_totes_categories\">\n    <div bind-unsafe-html=\"a.cats\">\n\t  <ul class=\"una_activitat_categories una_activitat_tipus\">\n              <li class=\"sortida\"><a href=\"https:\/\/setmananatura.cat\/2023\/tipus\/sortida\/\">Sortida \/ Visita guiada<\/a>\n        <\/li>\n          <\/ul>\n    <\/div>\n      <ul class=\"una_activitat_categories una_activitat_public\">\n          <li class=\"adults\"><a href=\"https:\/\/setmananatura.cat\/2023\/public\/adults\/\">Adult<\/a>\n<\/li>\n            <li class=\"familiar\"><a href=\"https:\/\/setmananatura.cat\/2023\/public\/familiar\/\">Familiar<\/a>\n<\/li>\n          <\/ul>\n\n  <\/div>\n  <h2><a href=\"https:\/\/setmananatura.cat\/2023\/activitat\/iniciacio-a-la-marxa-nordica-i-boscos-terapeutics\/\">Iniciaci\u00f3 a la Marxa N\u00f2rdica i Boscos Terap\u00e8utics<\/a><\/h2>\n  <p class=\"una_activitat_data\"> diumenge 28 de maig<\/p>\n  \n<p class=\"organitzador\">Organitza:\n  \n\n\nTurisme Garrotxa\n\n\n<\/p>\n  <div class=\"una_activitat_lloc\"><p class='lloc_poblacio'>Olot<\/p><\/div>\n   <\/div>\n   <div class='old'>Activitat passada<\/div>  <\/div>\n","taula":"<td><div class='old'>Activitat passada<\/div><a href=\"https:\/\/setmananatura.cat\/2023\/activitat\/iniciacio-a-la-marxa-nordica-i-boscos-terapeutics\/\">Iniciaci\u00f3 a la Marxa N\u00f2rdica i Boscos Terap\u00e8utics<\/a>\n   <\/td>\n<td><p class='lloc_poblacio'>Olot<\/p><\/td>\n<td>  <ul class=\"una_activitat_categories una_activitat_tipus\">\n              <li class=\"sortida\"><a href=\"https:\/\/setmananatura.cat\/2023\/tipus\/sortida\/\">Sortida \/ Visita guiada<\/a>\n        <\/li>\n          <\/ul>\n<\/td>\n<td>  <ul class=\"una_activitat_categories una_activitat_public\">\n          <li class=\"adults\"><a href=\"https:\/\/setmananatura.cat\/2023\/public\/adults\/\">Adult<\/a>\n<\/li>\n            <li class=\"familiar\"><a href=\"https:\/\/setmananatura.cat\/2023\/public\/familiar\/\">Familiar<\/a>\n<\/li>\n          <\/ul>\n<\/td>\n<td>diumenge 28 de maig<\/td>\n","loc":"Olot","tancada":"","_links":{"self":[{"href":"https:\/\/setmananatura.cat\/2023\/wp-json\/wp\/v2\/sn_event\/2200041","targetHints":{"allow":["GET"]}}],"collection":[{"href":"https:\/\/setmananatura.cat\/2023\/wp-json\/wp\/v2\/sn_event"}],"about":[{"href":"https:\/\/setmananatura.cat\/2023\/wp-json\/wp\/v2\/types\/sn_event"}],"wp:featuredmedia":[{"embeddable":true,"href":"https:\/\/setmananatura.cat\/2023\/wp-json\/wp\/v2\/media\/2200042"}],"wp:attachment":[{"href":"https:\/\/setmananatura.cat\/2023\/wp-json\/wp\/v2\/media?parent=2200041"}],"wp:term":[{"taxonomy":"category","embeddable":true,"href":"https:\/\/setmananatura.cat\/2023\/wp-json\/wp\/v2\/categories?post=2200041"},{"taxonomy":"post_tag","embeddable":true,"href":"https:\/\/setmananatura.cat\/2023\/wp-json\/wp\/v2\/tags?post=2200041"},{"taxonomy":"organitzador","embeddable":true,"href":"https:\/\/setmananatura.cat\/2023\/wp-json\/wp\/v2\/organitzador?post=2200041"},{"taxonomy":"comarca","embeddable":true,"href":"https:\/\/setmananatura.cat\/2023\/wp-json\/wp\/v2\/comarca?post=2200041"},{"taxonomy":"tipus","embeddable":true,"href":"https:\/\/setmananatura.cat\/2023\/wp-json\/wp\/v2\/tipus?post=2200041"},{"taxonomy":"public","embeddable":true,"href":"https:\/\/setmananatura.cat\/2023\/wp-json\/wp\/v2\/public?post=2200041"}],"curies":[{"name":"wp","href":"https:\/\/api.w.org\/{rel}","templated":true}]}}