{"id":2199973,"slug":"jornada-derradicacio-de-plantes-invasores-al-parc-natural-de-cap-de-creus-2","type":"sn_event","link":"https:\/\/setmananatura.cat\/2023\/activitat\/jornada-derradicacio-de-plantes-invasores-al-parc-natural-de-cap-de-creus-2\/","title":{"rendered":"Jornada d&#8217;erradicaci\u00f3 de plantes invasores al Parc Natural de Cap de Creus"},"featured_media":2199985,"template":"","categories":[18,1],"tags":[],"organitzador":[1646,1648],"comarca":[22],"tipus":[7,6],"public":[12,16,13,1325,1554],"class_list":["post-2199973","sn_event","type-sn_event","status-publish","has-post-thumbnail","hentry","category-destacat","category-general","organitzador-biosfera","organitzador-dacc","comarca-alt-emporda","tipus-sortida","tipus-voluntariat","public-adults","public-especialitzat","public-familiar","public-grups-organitzats","public-tothom"],"aioseo_notices":[],"location":{"latitude":"42.28109690000001","longitude":"3.2758151"},"inici":"1685181600","final":"1685192400","image":"https:\/\/setmananatura.cat\/2023\/wp-content\/uploads\/sites\/13\/2023\/04\/INVACAT2.0-1-233x300.jpg","lloc_poblacio":"Cadaqu\u00e9s","teaser":"\n\n  <p class=\"resultats_una_activitat_foto\">\n    <a href=\"https:\/\/setmananatura.cat\/2023\/activitat\/jornada-derradicacio-de-plantes-invasores-al-parc-natural-de-cap-de-creus-2\/\">\n\n<img lazy-img=\"https:\/\/setmananatura.cat\/2023\/wp-content\/uploads\/sites\/13\/2023\/04\/INVACAT2.0-1-600x390.jpg\"\/><\/a><\/p>\n  <div class=\"resultats_una_activitat_info\">\n  <div class=\"una_activitat_totes_categories\">\n    <div bind-unsafe-html=\"a.cats\">\n\t  <ul class=\"una_activitat_categories una_activitat_tipus\">\n              <li class=\"sortida\"><a href=\"https:\/\/setmananatura.cat\/2023\/tipus\/sortida\/\">Sortida \/ Visita guiada<\/a>\n        <\/li>\n              <li class=\"voluntariat\"><a href=\"https:\/\/setmananatura.cat\/2023\/tipus\/voluntariat\/\">Voluntariat<\/a>\n        <\/li>\n          <\/ul>\n    <\/div>\n      <ul class=\"una_activitat_categories una_activitat_public\">\n          <li class=\"adults\"><a href=\"https:\/\/setmananatura.cat\/2023\/public\/adults\/\">Adult<\/a>\n<\/li>\n            <li class=\"especialitzat\"><a href=\"https:\/\/setmananatura.cat\/2023\/public\/especialitzat\/\">Especialitzat<\/a>\n<\/li>\n            <li class=\"familiar\"><a href=\"https:\/\/setmananatura.cat\/2023\/public\/familiar\/\">Familiar<\/a>\n<\/li>\n            <li class=\"grups-organitzats\"><a href=\"https:\/\/setmananatura.cat\/2023\/public\/grups-organitzats\/\">Grups organitzats<\/a>\n<\/li>\n            <li class=\"tothom\"><a href=\"https:\/\/setmananatura.cat\/2023\/public\/tothom\/\">tothom<\/a>\n<\/li>\n          <\/ul>\n\n  <\/div>\n  <h2><a href=\"https:\/\/setmananatura.cat\/2023\/activitat\/jornada-derradicacio-de-plantes-invasores-al-parc-natural-de-cap-de-creus-2\/\">Jornada d&#8217;erradicaci\u00f3 de plantes invasores al Parc Natural de Cap de Creus<\/a><\/h2>\n  <p class=\"una_activitat_data\"> dissabte 27 de maig<\/p>\n  \n<p class=\"organitzador\">Organitza:\n  \n\n\nBIOSFERA\n\n\n\n\n\nDepartament d'Acci\u00f3 Clim\u00e0tica Alimentaci\u00f3 i Agenda Rural de la Generalitat de Catalunya\n\n\n<\/p>\n  <div class=\"una_activitat_lloc\"><p class='lloc_poblacio'>Cadaqu\u00e9s<\/p><\/div>\n   <\/div>\n   <div class='old'>Activitat passada<\/div>  <\/div>\n","taula":"<td><div class='old'>Activitat passada<\/div><a href=\"https:\/\/setmananatura.cat\/2023\/activitat\/jornada-derradicacio-de-plantes-invasores-al-parc-natural-de-cap-de-creus-2\/\">Jornada d&#8217;erradicaci\u00f3 de plantes invasores al Parc Natural de Cap de Creus<\/a>\n   <\/td>\n<td><p class='lloc_poblacio'>Cadaqu\u00e9s<\/p><\/td>\n<td>  <ul class=\"una_activitat_categories una_activitat_tipus\">\n              <li class=\"sortida\"><a href=\"https:\/\/setmananatura.cat\/2023\/tipus\/sortida\/\">Sortida \/ Visita guiada<\/a>\n        <\/li>\n              <li class=\"voluntariat\"><a href=\"https:\/\/setmananatura.cat\/2023\/tipus\/voluntariat\/\">Voluntariat<\/a>\n        <\/li>\n          <\/ul>\n<\/td>\n<td>  <ul class=\"una_activitat_categories una_activitat_public\">\n          <li class=\"adults\"><a href=\"https:\/\/setmananatura.cat\/2023\/public\/adults\/\">Adult<\/a>\n<\/li>\n            <li class=\"especialitzat\"><a href=\"https:\/\/setmananatura.cat\/2023\/public\/especialitzat\/\">Especialitzat<\/a>\n<\/li>\n            <li class=\"familiar\"><a href=\"https:\/\/setmananatura.cat\/2023\/public\/familiar\/\">Familiar<\/a>\n<\/li>\n            <li class=\"grups-organitzats\"><a href=\"https:\/\/setmananatura.cat\/2023\/public\/grups-organitzats\/\">Grups organitzats<\/a>\n<\/li>\n            <li class=\"tothom\"><a href=\"https:\/\/setmananatura.cat\/2023\/public\/tothom\/\">tothom<\/a>\n<\/li>\n          <\/ul>\n<\/td>\n<td>dissabte 27 de maig<\/td>\n","loc":"Cadaqu\u00e9s","tancada":"","_links":{"self":[{"href":"https:\/\/setmananatura.cat\/2023\/wp-json\/wp\/v2\/sn_event\/2199973","targetHints":{"allow":["GET"]}}],"collection":[{"href":"https:\/\/setmananatura.cat\/2023\/wp-json\/wp\/v2\/sn_event"}],"about":[{"href":"https:\/\/setmananatura.cat\/2023\/wp-json\/wp\/v2\/types\/sn_event"}],"wp:featuredmedia":[{"embeddable":true,"href":"https:\/\/setmananatura.cat\/2023\/wp-json\/wp\/v2\/media\/2199985"}],"wp:attachment":[{"href":"https:\/\/setmananatura.cat\/2023\/wp-json\/wp\/v2\/media?parent=2199973"}],"wp:term":[{"taxonomy":"category","embeddable":true,"href":"https:\/\/setmananatura.cat\/2023\/wp-json\/wp\/v2\/categories?post=2199973"},{"taxonomy":"post_tag","embeddable":true,"href":"https:\/\/setmananatura.cat\/2023\/wp-json\/wp\/v2\/tags?post=2199973"},{"taxonomy":"organitzador","embeddable":true,"href":"https:\/\/setmananatura.cat\/2023\/wp-json\/wp\/v2\/organitzador?post=2199973"},{"taxonomy":"comarca","embeddable":true,"href":"https:\/\/setmananatura.cat\/2023\/wp-json\/wp\/v2\/comarca?post=2199973"},{"taxonomy":"tipus","embeddable":true,"href":"https:\/\/setmananatura.cat\/2023\/wp-json\/wp\/v2\/tipus?post=2199973"},{"taxonomy":"public","embeddable":true,"href":"https:\/\/setmananatura.cat\/2023\/wp-json\/wp\/v2\/public?post=2199973"}],"curies":[{"name":"wp","href":"https:\/\/api.w.org\/{rel}","templated":true}]}}