{"id":2198649,"slug":"eficiencia-energetica-a-les-llars-com-fer-front-a-lemergencia-climatica","type":"sn_event","link":"https:\/\/setmananatura.cat\/2022\/activitat\/eficiencia-energetica-a-les-llars-com-fer-front-a-lemergencia-climatica\/","title":{"rendered":"Efici\u00e8ncia energ\u00e8tica a les llars: com fer front a l&#8217;emerg\u00e8ncia clim\u00e0tica?"},"featured_media":2198650,"template":"","categories":[],"tags":[],"organitzador":[1548,1549],"comarca":[38],"tipus":[5],"public":[12,16],"class_list":["post-2198649","sn_event","type-sn_event","status-publish","has-post-thumbnail","hentry","organitzador-agrupacio-per-a-la-proteccio-del-medi-ambient","organitzador-apma-garraf-edc","comarca-garraf","tipus-conferencies","public-adults","public-especialitzat"],"aioseo_notices":[],"location":{"latitude":"41.216232","longitude":"1.7303115"},"inici":"1653760800","final":"1653768000","image":"https:\/\/setmananatura.cat\/2022\/wp-content\/uploads\/sites\/11\/2022\/05\/Xerrada-eficiencia-energetica-28.05.2022-188x300.png","lloc_poblacio":"Vilanova i la Geltr\u00fa","teaser":"\n\n  <p class=\"resultats_una_activitat_foto\">\n    <a href=\"https:\/\/setmananatura.cat\/2022\/activitat\/eficiencia-energetica-a-les-llars-com-fer-front-a-lemergencia-climatica\/\">\n\n<img lazy-img=\"https:\/\/setmananatura.cat\/2022\/wp-content\/uploads\/sites\/11\/2022\/05\/Xerrada-eficiencia-energetica-28.05.2022-600x390.png\"\/><\/a><\/p>\n  <div class=\"resultats_una_activitat_info\">\n  <div class=\"una_activitat_totes_categories\">\n    <div bind-unsafe-html=\"a.cats\">\n\t  <ul class=\"una_activitat_categories una_activitat_tipus\">\n              <li class=\"conferencies\"><a href=\"https:\/\/setmananatura.cat\/2022\/tipus\/conferencies\/\">Xerrades<\/a>\n        <\/li>\n          <\/ul>\n    <\/div>\n      <ul class=\"una_activitat_categories una_activitat_public\">\n          <li class=\"adults\"><a href=\"https:\/\/setmananatura.cat\/2022\/public\/adults\/\">Adult<\/a>\n<\/li>\n            <li class=\"especialitzat\"><a href=\"https:\/\/setmananatura.cat\/2022\/public\/especialitzat\/\">Especialitzat<\/a>\n<\/li>\n          <\/ul>\n\n  <\/div>\n  <h2><a href=\"https:\/\/setmananatura.cat\/2022\/activitat\/eficiencia-energetica-a-les-llars-com-fer-front-a-lemergencia-climatica\/\">Efici\u00e8ncia energ\u00e8tica a les llars: com fer front a l&#8217;emerg\u00e8ncia clim\u00e0tica?<\/a><\/h2>\n  <p class=\"una_activitat_data\"> dissabte 28 de maig<\/p>\n  \n<p class=\"organitzador\">Organitza:\n  \n\n\nAgrupaci\u00f3 per a la Protecci\u00f3 del Medi Ambient\n\n\n\n\n\nAPMA Garraf - EdC\n\n\n<\/p>\n  <div class=\"una_activitat_lloc\"><p class='lloc_poblacio'>Vilanova i la Geltr\u00fa<\/p><\/div>\n   <\/div>\n   <div class='old'>Activitat passada<\/div>  <\/div>\n","taula":"<td><div class='old'>Activitat passada<\/div><a href=\"https:\/\/setmananatura.cat\/2022\/activitat\/eficiencia-energetica-a-les-llars-com-fer-front-a-lemergencia-climatica\/\">Efici\u00e8ncia energ\u00e8tica a les llars: com fer front a l&#8217;emerg\u00e8ncia clim\u00e0tica?<\/a>\n   <\/td>\n<td><p class='lloc_poblacio'>Vilanova i la Geltr\u00fa<\/p><\/td>\n<td>  <ul class=\"una_activitat_categories una_activitat_tipus\">\n              <li class=\"conferencies\"><a href=\"https:\/\/setmananatura.cat\/2022\/tipus\/conferencies\/\">Xerrades<\/a>\n        <\/li>\n          <\/ul>\n<\/td>\n<td>  <ul class=\"una_activitat_categories una_activitat_public\">\n          <li class=\"adults\"><a href=\"https:\/\/setmananatura.cat\/2022\/public\/adults\/\">Adult<\/a>\n<\/li>\n            <li class=\"especialitzat\"><a href=\"https:\/\/setmananatura.cat\/2022\/public\/especialitzat\/\">Especialitzat<\/a>\n<\/li>\n          <\/ul>\n<\/td>\n<td>dissabte 28 de maig<\/td>\n","loc":"Vilanova i la Geltr\u00fa","tancada":"","_links":{"self":[{"href":"https:\/\/setmananatura.cat\/2022\/wp-json\/wp\/v2\/sn_event\/2198649","targetHints":{"allow":["GET"]}}],"collection":[{"href":"https:\/\/setmananatura.cat\/2022\/wp-json\/wp\/v2\/sn_event"}],"about":[{"href":"https:\/\/setmananatura.cat\/2022\/wp-json\/wp\/v2\/types\/sn_event"}],"wp:featuredmedia":[{"embeddable":true,"href":"https:\/\/setmananatura.cat\/2022\/wp-json\/wp\/v2\/media\/2198650"}],"wp:attachment":[{"href":"https:\/\/setmananatura.cat\/2022\/wp-json\/wp\/v2\/media?parent=2198649"}],"wp:term":[{"taxonomy":"category","embeddable":true,"href":"https:\/\/setmananatura.cat\/2022\/wp-json\/wp\/v2\/categories?post=2198649"},{"taxonomy":"post_tag","embeddable":true,"href":"https:\/\/setmananatura.cat\/2022\/wp-json\/wp\/v2\/tags?post=2198649"},{"taxonomy":"organitzador","embeddable":true,"href":"https:\/\/setmananatura.cat\/2022\/wp-json\/wp\/v2\/organitzador?post=2198649"},{"taxonomy":"comarca","embeddable":true,"href":"https:\/\/setmananatura.cat\/2022\/wp-json\/wp\/v2\/comarca?post=2198649"},{"taxonomy":"tipus","embeddable":true,"href":"https:\/\/setmananatura.cat\/2022\/wp-json\/wp\/v2\/tipus?post=2198649"},{"taxonomy":"public","embeddable":true,"href":"https:\/\/setmananatura.cat\/2022\/wp-json\/wp\/v2\/public?post=2198649"}],"curies":[{"name":"wp","href":"https:\/\/api.w.org\/{rel}","templated":true}]}}